{"id":108,"date":"2019-11-13T19:33:48","date_gmt":"2019-11-13T19:33:48","guid":{"rendered":"http:\/\/funktionales-kostensplitting.de\/?page_id=108"},"modified":"2022-05-05T13:08:44","modified_gmt":"2022-05-05T13:08:44","slug":"wie","status":"publish","type":"page","link":"https:\/\/funktionales-kostensplitting.de\/?page_id=108","title":{"rendered":"Wie"},"content":{"rendered":"\n<p>Als praxisgeeignete Variante des <a href=\"http:\/\/funktionales-kostensplitting.de\/?page_id=151\">Kopplungsprinzips<\/a> zerlegt auch das <strong><em>Funktionale Kostensplitting<\/em><\/strong> die entstehenden oder entstandenen Kosten energetischer Ma\u00dfnahmen in die Gruppen mieterh\u00f6hungsrelevante Modernisierungskosten und nicht-mieterh\u00f6hungsrelevante Erhaltungskosten.<\/p>\n\n\n\n<p>Dabei geht es allerdings nicht wie das Kopplungsprinzip mit &#8222;Entweder-Oder&#8220; vor. Vielmehr geht das <strong><em>Funktionale Kostensplitting<\/em><\/strong> davon aus, dass jede energetische Ma\u00dfnahmen ein Bestandsbauteil modernisiert und zugleich erh\u00e4lt. Also werden auch die entstandenen Kosten energetischer Ma\u00dfnahmen entlang der Anteile der <strong>tats\u00e4chlichen Verbesserung<\/strong> und der Erhaltung des Bauteils zergliedert &#8211; gesplittet. Daf\u00fcr werden die Funktionen des Bauteils und der Grad ihrer Erf\u00fcllung vor und nach Ausf\u00fchrung der energetischen Ma\u00dfnahme betrachtet.<\/p>\n\n\n\n<p class=\"has-text-align-center has-text-color has-background\" style=\"background-color:#ef7f00;color:#ffffff\"><strong>\u00dcbersicht:<\/strong><\/p>\n\n\n\n<p><\/p>\n\n\n\n<p><\/p>\n\n\n\n<p class=\"has-text-align-center\"><strong>Was \u00e4ndert sich bei der Ermittlung des Betrages der Modernisierungsmieterh\u00f6hung nach \u00a7 559 BGB<\/strong>?<\/p>\n\n\n\n<p><\/p>\n\n\n\n<p><\/p>\n\n\n\n<figure class=\"wp-block-table is-style-regular\"><table class=\"has-background has-fixed-layout\" style=\"background-color:#f3f4f5\"><tbody><tr><td>\n  <strong>Kopplungsprinzip<\/strong>\n  <\/td><td>   <strong>Funktionales Kostensplitting<\/strong>   <\/td><\/tr><\/tbody><\/table><\/figure>\n\n\n\n<p> <\/p>\n\n\n\n<p class=\"has-text-align-center\">Welche <strong>Grundannahme<\/strong> liegt der Ermittlung des Mieterh\u00f6hungsbetrages zugrunde? <\/p>\n\n\n\n<figure class=\"wp-block-table\"><table class=\"has-background has-fixed-layout\" style=\"background-color:#f3f4f5\"><tbody><tr><td class=\"has-text-align-left\" data-align=\"left\">\u201eDie EnEV koppelt die Anforderungen an eine nachtr\u00e4gliche D\u00e4mmung der   Au\u00dfenwand an eine ohnehin erforderliche <strong>umfassende<\/strong> Instandsetzung der Fassade.\u201c (BMVBS 2012, S. 21)   &nbsp;   <\/td><td class=\"has-text-align-left\" data-align=\"left\">\u201eKosten f\u00fcr die <strong>Verbesserung<\/strong> von Bauteilfunktionen sind   <strong>mieterh\u00f6hungsrelevant<\/strong>, Kosten f\u00fcr die <strong>Erhaltung oder Wiederherstellung<\/strong> von   Bauteilfunktionen sind <strong>nicht-mieterh\u00f6hungsrelevant<\/strong>.\u201c (David 2019, S.175)   <\/td><\/tr><\/tbody><\/table><\/figure>\n\n\n\n<p> <\/p>\n\n\n\n<p class=\"has-text-align-center\">Was bedeutet das f\u00fcr die aufgewendeten Kosten? <\/p>\n\n\n\n<figure class=\"wp-block-table\"><table class=\"has-background has-fixed-layout\" style=\"background-color:#f3f4f5\"><tbody><tr><td>\u201eEs gilt die Vollkosten der Instandhaltung und Modernisierung in Kosten f\u00fcr wohnwertverbessernde Ma\u00dfnahmen, Vollkosten der <strong>Sanierung<\/strong> und <strong>energiebedingte Mehrkosten<\/strong> zu unterscheiden.\u201c Die j\u00e4hrliche Miete darf gem\u00e4\u00df \u00a7 559 BGB um 8% der energiebedingten Mehrkosten erh\u00f6ht werden. (dena 2010, S.12)   &nbsp;   <\/td><td>Der <strong>Anteil der Funktionen<\/strong> der Gesamtfunktionalit\u00e4t des Bauteils nach der energetischen Ma\u00dfnahme, <strong>die verbessert werden<\/strong>, entspricht dem Anteil der aufgewendeten Kosten, der gem. \u00a7 559 BGB zu einer Mieterh\u00f6hung berechtigt. (David 2019, S. 186) <br>Dieser Anteil kann jedoch <strong>nur dann<\/strong> vollumf\u00e4nglich bei der Ermittlung der Mieterh\u00f6hung angesetzt werden, wenn die betreffende Funktion vor der Ma\u00dfnahme noch vollumf\u00e4nglich erf\u00fcllt wurde. (David 2019, S. 202)   <\/td><\/tr><\/tbody><\/table><\/figure>\n\n\n\n<p> <\/p>\n\n\n\n<p class=\"has-text-align-center\">Wie wird der <strong>mieterh\u00f6hungsrelevante Kostenanteil<\/strong> ermittelt? <\/p>\n\n\n\n<figure class=\"wp-block-table\"><table class=\"has-background has-fixed-layout\" style=\"background-color:#f3f4f5\"><tbody><tr><td class=\"has-text-align-left\" data-align=\"left\">Die Kosten energetischer Ma\u00dfnahmen werden in ihre <strong>einzelnen, abgerechneten Positionen<\/strong> zerlegt und diese dann jeweils in <strong>vollem Umfang<\/strong> <strong>entweder<\/strong> den Sanierungskosten <strong>oder <\/strong>den energiebedingten Mehrkosten zugeordnet: \u201eIm Bericht werden als Vollkosten die Kosten nach Kostengruppen 300 und 400 DIN 276 definiert. Auf Basis der Auswertungen wurden f\u00fcr bau- und anlagentechnische   Komponenten die im Zuge einer ohnehin erforderlichen Instandhaltung bzw.   Modernisierung entstehenden Kosten bzw. <strong>die zus\u00e4tzlichen energiebedingten Mehrkosten als Folge zus\u00e4tzlicher energiesparender Ma\u00dfnahmen<\/strong> abgeleitet.\u201c (BMVBS 2012, S. 14)   <\/td><td class=\"has-text-align-left\" data-align=\"left\">Die aufgewendeten Kosten werden entlang der Funktionalit\u00e4t des betreffenden Bauteils vor und nach der energetischen Ma\u00dfnahme in mieterh\u00f6hungsrelevante und nicht-mieterh\u00f6hungsrelevante Kosten aufgesplittet.<br>Daf\u00fcr werden die <strong>einzelnen Funktionen <\/strong>vor und nach der Modernisierung <strong>gewichtet<\/strong>. Die   <br>Anteile der Funktionen, die nach der Modernisierung tats\u00e4chlich verbessert werden, entsprechen den mieterh\u00f6hungsrelevanten Kostenanteilen. (Mehr dazu siehe David 2019, S. 192-199.)      <\/td><\/tr><\/tbody><\/table><\/figure>\n\n\n\n<p><\/p>\n\n\n\n<p class=\"has-text-align-center\">Wie werden die Kosten f\u00fcr den <strong>erforderlichen Erhalt<\/strong> ermittelt?<\/p>\n\n\n\n<figure class=\"wp-block-table\"><table class=\"has-background has-fixed-layout\" style=\"background-color:#f3f4f5\"><tbody><tr><td class=\"has-text-align-left\" data-align=\"left\"><strong>Alle Positionen<\/strong>, die im Falle einer Sanierung ebenso ausgef\u00fchrt worden w\u00e4ren, werden den mieterh\u00f6hungsrelevanten Kosten <strong>vollumf\u00e4nglich abgezogen<\/strong>.<\/td><td class=\"has-text-align-left\" data-align=\"left\">Die <strong>Anteile vorhandener Untererf\u00fcllungen<\/strong> einzelner Funktionen im Funktions-Soll IST werden den erh\u00f6hungsrelevanten Kosten abgezogen.<\/td><\/tr><\/tbody><\/table><\/figure>\n\n\n<p>Arbeitsgrundlage des <strong><em>Funktionalen Kostensplittings<\/em><\/strong> ist ein Verfahren, dass sich zur Ermittlung von Wertminderungen bereits gut etabliert hat: Das Zielbaum-Verfahren nach Aurnhammer (vgl. Aurnhammer 1978):<\/p>\n<figure id=\"attachment_146\" aria-describedby=\"caption-attachment-146\" style=\"width: 583px\" class=\"wp-caption alignnone\"><img loading=\"lazy\" class=\"wp-image-146\" src=\"http:\/\/funktionales-kostensplitting.de\/wp-content\/uploads\/2019\/12\/Zielbaum_Aussenwand_2Ebenen.png\" alt=\"\" width=\"583\" height=\"446\" srcset=\"https:\/\/funktionales-kostensplitting.de\/wp-content\/uploads\/2019\/12\/Zielbaum_Aussenwand_2Ebenen.png 895w, https:\/\/funktionales-kostensplitting.de\/wp-content\/uploads\/2019\/12\/Zielbaum_Aussenwand_2Ebenen-300x230.png 300w, https:\/\/funktionales-kostensplitting.de\/wp-content\/uploads\/2019\/12\/Zielbaum_Aussenwand_2Ebenen-768x588.png 768w, https:\/\/funktionales-kostensplitting.de\/wp-content\/uploads\/2019\/12\/Zielbaum_Aussenwand_2Ebenen-830x635.png 830w, https:\/\/funktionales-kostensplitting.de\/wp-content\/uploads\/2019\/12\/Zielbaum_Aussenwand_2Ebenen-230x176.png 230w, https:\/\/funktionales-kostensplitting.de\/wp-content\/uploads\/2019\/12\/Zielbaum_Aussenwand_2Ebenen-350x268.png 350w, https:\/\/funktionales-kostensplitting.de\/wp-content\/uploads\/2019\/12\/Zielbaum_Aussenwand_2Ebenen-480x367.png 480w\" sizes=\"(max-width: 583px) 100vw, 583px\" \/><figcaption id=\"caption-attachment-146\" class=\"wp-caption-text\">Zielbaum einer Au\u00dfenwand (Klaas und Schulz 2002, S. 196).<\/figcaption><\/figure>\n\n\n<p>Mithilfe dieses <em>Zielbaum-Verfahrens<\/em> wird die funktionale Beschaffenheit eines Bauteils beschreibbar. Es zeigt die einzelnen Anforderungsbereiche von Bauteilen auf und erlaubt deren einzelfallbezogene, nachvollziehbare Gewichtung. So ist beispielsweise die Gestaltungsfunktion im Falle einer Hoffassade eines Gr\u00fcnderzeitgeb\u00e4udes niedriger zu gewichten als bei der Stra\u00dfenfassade desselben Geb\u00e4udes. Denn gegen\u00fcber der schlichten Hoffassaden waren und sind die zur Stra\u00dfe hin ausgerichteten Fassaden h\u00e4ufig aufwendig historisierend verziert. Die oberste Geschossdecke dagegen liegt im Verborgenen und erf\u00fcllt entsprechend fast ausschlie\u00dflich baustatische wie bauphysikalische Funktionen.<\/p>\n\n\n\n<p>Auf Basis solcher Bewertungen lassen sich sowohl die bestehende als auch die beabsichtigte und die tats\u00e4chliche funktionale Ver\u00e4nderung eines Bauteils infolge energetischer Ma\u00dfnahmen einsch\u00e4tzen. Dar\u00fcber hinaus k\u00f6nnen auch m\u00f6glicherweise vorhandene funktionale Minderungen am Bestandsbauteil auf der Basis dieses Verfahrens identifiziert und sch\u00e4tzend gewichtet werden.<\/p>\n\n\n\n<p class=\"has-text-align-center has-text-color has-background\" style=\"background-color:#ef7f00;color:#fefefe\"><strong>Das Funktionale Kostensplitting verf\u00e4hrt in drei Stufen:<\/strong><\/p>\n\n\n\n<p><strong>Stufe 1: <\/strong><\/p>\n\n\n\n<p>Die Gewichtungen der einzelnen\nFunktionen der neuen Soll-Funktionalit\u00e4t des Bauteils dienen der Identifikation\nmieterh\u00f6hungsrelevanter Kostenanteile. Sie k\u00f6nnen unter Anwendung des\nZielbaums pauschalierend und zugleich \u00fcbersichtlich ermittelt werden.&nbsp; <\/p>\n\n\n\n<p><strong>Stufe 2: <\/strong><\/p>\n\n\n\n<p>Die prozentualen Anteile einzelner\nFunktionen an der gesamten Soll-Funktionalit\u00e4t NEU k\u00f6nnen dann zu den\naufgewendeten Modernisierungskosten gez\u00e4hlt werden, wenn die\nentsprechenden Funktionen in Folge der energetischen Ma\u00dfnahme verbessert\nwerden. Wie Minderungen k\u00f6nnen auch Verbesserungen mittels Zielbaum-Methode\neingesch\u00e4tzt und nachvollziehbar dargestellt werden.&nbsp; <\/p>\n\n\n\n<p><strong>Stufe 3: <\/strong><\/p>\n\n\n\n<p>Diesen Kosten in Abzug zu bringen\nsind prozentuale Mindererf\u00fcllungen einzelner Funktionen des Funktions-Solls\nIST, das w\u00e4hrend der Mietzeit instand zu halten ist. Auch f\u00fcr diese\nBewertung eignet sich die Vorgehensweise des Zielbaum-Verfahrens.<\/p>\n\n\n\n<p class=\"has-text-color\" style=\"color:#4c2b00\"><strong>Der resultierende Mieterh\u00f6hungsbetrag basiert damit auf der sachgerechten Gr\u00f6\u00dfe der tats\u00e4chlichen Verbesserung eines Bauteils infolge einer energetischen Ma\u00dfnahme.<\/strong><\/p>\n\n\n\n<hr class=\"wp-block-separator\"\/>\n\n\n\n<p><\/p>\n\n\n\n<p><strong><a href=\"http:\/\/funktionales-kostensplitting.de\/?page_id=152\">Beispiel<\/a><\/strong><\/p>\n\n\n\n<hr class=\"wp-block-separator\"\/>\n\n\n\n<p><strong>Literatur<\/strong><\/p>\n\n\n\n<p class=\"has-small-font-size\">Aurnhammer, H.E. (1978): Verfahren zur Bestimmung von Wertminderungen bei (Bau-) M\u00e4ngeln und (Bau-) Sch\u00e4den. In: <em>Baurecht <\/em>(Heft 5), S. 356\u2013367.<\/p>\n\n\n\n<p class=\"has-small-font-size\">BMVBS (Hrsg.) (2012): Bundesministerium f\u00fcr Verkehr, Bau und Stadtentwicklung: Kosten energierelevanter Bau- und Anlagenteile bei der energetischen Modernisierung von Wohngeb\u00e4uden. BMVBS-Online-Publikation, 07\/2012, Berlin, Juni 2012. Bearbeitung: Hinz, Eberhart. Institut Wohnen und Umwelt (IWU), Darmstadt. Online verf\u00fcgbar unter <a href=\"https:\/\/www.bbsr.bund.de\/BBSR\/DE\/Veroeffentlichungen\/ministerien\/BMVBS\/Online\/2012\/DL_ON072012.pdf?__blob=publicationFile&amp;v=2\">https:\/\/www.bbsr.bund.de\/BBSR\/DE\/Veroeffentlichungen\/ministerien\/BMVBS\/Online\/2012\/DL_ON072012.pdf?__blob=publicationFile&amp;v=2<\/a>, zuletzt gepr\u00fcft am 19.12.2019<\/p>\n\n\n\n<p class=\"has-small-font-size\">David, Kirsten (2019): Funktionales Kostensplitting zur Ermittlung von Mieterh\u00f6hungen nach energetischen Ma\u00dfnahmen &#8211; Eine Handlungsempfehlung auf Basis theoretischer und empirischer Untersuchungen. Hamburg, November 2019. Online verf\u00fcgbar unter: <a href=\"http:\/\/nbn-resolving.de\/urn:nbn:de:gbv:1373-opus-5085\">http:\/\/nbn-resolving.de\/urn:nbn:de:gbv:1373-opus-5085<\/a>, zuletzt gepr\u00fcft am 13.12.2019.<\/p>\n\n\n\n<p class=\"has-small-font-size\">dena (Hrsg.) (2010): Deutsche Energie-Agentur GmbH: dena Sanierungsstudie. Teil 1: Wirtschaftlichkeit energetischer Modernisierung im Mietwohnungsbestand. Begleitforschung zum dena-Projekt \u201eNiedrigenergiehaus im Bestand\u201c. Autoren: Discher, Henning (dena); Hinz, Eberhard (IWU); Enseling, Andreas (IWU); Leitung: Pillen, Nicole; (dena). Berlin, Dezember 2010. Online verf\u00fcgbar unter <a href=\"https:\/\/www.dena.de\/fileadmin\/dena\/Dokumente\/Pdf\/9122_dena-Sanierungsstudie_Teil_1.pdf\">https:\/\/www.dena.de\/fileadmin\/dena\/Dokumente\/Pdf\/9122_dena-Sanierungsstudie_Teil_1.pdf<\/a>, zuletzt gepr\u00fcft am 13.12.2019. <\/p>\n\n\n\n<p class=\"has-small-font-size\">Klaas, Helmut; Schulz, Erich (2002): Sch\u00e4den an Au\u00dfenw\u00e4nden aus Ziegel- und Kalksandstein-Verblendmauerwerk. Mit 161 Abbildungen und 13 Tabellen. Stuttgart: Fraunhofer-IRB-Verlag (Schadenfreies Bauen, Bd. 13).<\/p>\n\n\n<div id=\"pl-gb108-69f271f561455\"  class=\"panel-layout\" ><div id=\"pg-gb108-69f271f561455-0\"  class=\"panel-grid panel-has-style\" ><div style=\"padding: 75px 0; \" data-overlay=\"true\" data-overlay-color=\"#000000\" class=\"panel-row-style panel-row-style-for-gb108-69f271f561455-0\" ><div id=\"pgc-gb108-69f271f561455-0-0\"  class=\"panel-grid-cell\" ><div id=\"panel-gb108-69f271f561455-0-0-0\" class=\"so-panel widget widget_sow-button panel-first-child panel-last-child\" data-index=\"0\" ><div style=\"text-align: left;\" data-title-color=\"#443f3f\" data-headings-color=\"#443f3f\" class=\"panel-widget-style panel-widget-style-for-gb108-69f271f561455-0-0-0\" ><div class=\"so-widget-sow-button so-widget-sow-button-wire-7f814b408441-108\"><div class=\"ow-button-base ow-button-align-center\">\n\t<a href=\"https:\/\/funktionales-kostensplitting.de\/\" class=\"ow-icon-placement-left ow-button-hover\" \t\t>\n\t\t<span>\n\t\t\t\n\t\t\tStart\t\t<\/span>\n\t<\/a>\n<\/div>\n<\/div><\/div><\/div><\/div><div id=\"pgc-gb108-69f271f561455-0-1\"  class=\"panel-grid-cell\" ><div id=\"panel-gb108-69f271f561455-0-1-0\" class=\"so-panel widget widget_sow-button panel-first-child panel-last-child\" data-index=\"1\" ><div style=\"text-align: left;\" data-title-color=\"#443f3f\" data-headings-color=\"#443f3f\" class=\"panel-widget-style panel-widget-style-for-gb108-69f271f561455-0-1-0\" ><div class=\"so-widget-sow-button so-widget-sow-button-wire-7f814b408441-108\"><div class=\"ow-button-base ow-button-align-center\">\n\t<a href=\"https:\/\/funktionales-kostensplitting.de\/?page_id=16\" class=\"ow-icon-placement-left ow-button-hover\" \t\t>\n\t\t<span>\n\t\t\t\n\t\t\tWof\u00fcr\t\t<\/span>\n\t<\/a>\n<\/div>\n<\/div><\/div><\/div><\/div><div id=\"pgc-gb108-69f271f561455-0-2\"  class=\"panel-grid-cell\" ><div id=\"panel-gb108-69f271f561455-0-2-0\" class=\"so-panel widget widget_sow-button panel-first-child panel-last-child\" data-index=\"2\" ><div style=\"text-align: left;\" data-title-color=\"#443f3f\" data-headings-color=\"#443f3f\" class=\"panel-widget-style panel-widget-style-for-gb108-69f271f561455-0-2-0\" ><div class=\"so-widget-sow-button so-widget-sow-button-wire-7f814b408441-108\"><div class=\"ow-button-base ow-button-align-center\">\n\t<a href=\"https:\/\/funktionales-kostensplitting.de\/?page_id=152\" class=\"ow-icon-placement-left ow-button-hover\" \t\t>\n\t\t<span>\n\t\t\t\n\t\t\tBeispiel\t\t<\/span>\n\t<\/a>\n<\/div>\n<\/div><\/div><\/div><\/div><div id=\"pgc-gb108-69f271f561455-0-3\"  class=\"panel-grid-cell\" ><div id=\"panel-gb108-69f271f561455-0-3-0\" class=\"so-panel widget widget_sow-button panel-first-child panel-last-child\" data-index=\"3\" ><div style=\"text-align: left;\" data-title-color=\"#443f3f\" data-headings-color=\"#443f3f\" class=\"panel-widget-style panel-widget-style-for-gb108-69f271f561455-0-3-0\" ><div class=\"so-widget-sow-button so-widget-sow-button-wire-7f814b408441-108\"><div class=\"ow-button-base ow-button-align-center\">\n\t<a href=\"https:\/\/funktionales-kostensplitting.de\/?page_id=103\" class=\"ow-icon-placement-left ow-button-hover\" \t\t>\n\t\t<span>\n\t\t\t\n\t\t\tWoher\t\t<\/span>\n\t<\/a>\n<\/div>\n<\/div><\/div><\/div><\/div><\/div><\/div><\/div>","protected":false},"excerpt":{"rendered":"<p>Als praxisgeeignete Variante des Kopplungsprinzips zerlegt auch das Funktionale Kostensplitting die entstehenden [&hellip;]<\/p>\n","protected":false},"author":1,"featured_media":0,"parent":0,"menu_order":0,"comment_status":"closed","ping_status":"closed","template":"","meta":[],"_links":{"self":[{"href":"https:\/\/funktionales-kostensplitting.de\/index.php?rest_route=\/wp\/v2\/pages\/108"}],"collection":[{"href":"https:\/\/funktionales-kostensplitting.de\/index.php?rest_route=\/wp\/v2\/pages"}],"about":[{"href":"https:\/\/funktionales-kostensplitting.de\/index.php?rest_route=\/wp\/v2\/types\/page"}],"author":[{"embeddable":true,"href":"https:\/\/funktionales-kostensplitting.de\/index.php?rest_route=\/wp\/v2\/users\/1"}],"replies":[{"embeddable":true,"href":"https:\/\/funktionales-kostensplitting.de\/index.php?rest_route=%2Fwp%2Fv2%2Fcomments&post=108"}],"version-history":[{"count":37,"href":"https:\/\/funktionales-kostensplitting.de\/index.php?rest_route=\/wp\/v2\/pages\/108\/revisions"}],"predecessor-version":[{"id":328,"href":"https:\/\/funktionales-kostensplitting.de\/index.php?rest_route=\/wp\/v2\/pages\/108\/revisions\/328"}],"wp:attachment":[{"href":"https:\/\/funktionales-kostensplitting.de\/index.php?rest_route=%2Fwp%2Fv2%2Fmedia&parent=108"}],"curies":[{"name":"wp","href":"https:\/\/api.w.org\/{rel}","templated":true}]}}